{"id":4509,"date":"2025-01-29T08:18:06","date_gmt":"2025-01-29T07:18:06","guid":{"rendered":"https:\/\/www.alpicon.at\/?page_id=4509"},"modified":"2026-03-25T10:36:41","modified_gmt":"2026-03-25T09:36:41","slug":"faq","status":"publish","type":"page","link":"https:\/\/www.alpicon.at\/en\/faq\/","title":{"rendered":"FAQ &amp; Information"},"content":{"rendered":"<p>[et_pb_section fb_built=&#8220;1&#8243; custom_padding_last_edited=&#8220;on|tablet&#8220; _builder_version=&#8220;4.27.4&#8243; _module_preset=&#8220;default&#8220; custom_padding=&#8220;158px||||false|false&#8220; custom_padding_tablet=&#8220;55px||||false|false&#8220; custom_padding_phone=&#8220;||||false|false&#8220; global_colors_info=&#8220;{}&#8220;][et_pb_row _builder_version=&#8220;4.27.4&#8243; _module_preset=&#8220;default&#8220; custom_margin=&#8220;0px||||false|false&#8220; custom_margin_tablet=&#8220;||60px||false|false&#8220; custom_margin_phone=&#8220;||90px||false|false&#8220; custom_margin_last_edited=&#8220;off|tablet&#8220; global_colors_info=&#8220;{}&#8220; custom_margin__hover_enabled=&#8220;off|desktop&#8220;][et_pb_column type=&#8220;4_4&#8243; _builder_version=&#8220;4.27.4&#8243; _module_preset=&#8220;default&#8220; global_colors_info=&#8220;{}&#8220;][et_pb_text _builder_version=&#8220;4.27.4&#8243; _module_preset=&#8220;default&#8220; text_text_color=&#8220;#072028&#8243; header_text_color=&#8220;#072028&#8243; custom_margin=&#8220;0px||10px||false|false&#8220; global_colors_info=&#8220;{}&#8220;]<\/p>\n<h1>FAQ &amp; Informationen \u00fcber das Alpicon<\/h1>\n<p>[\/et_pb_text][et_pb_text _builder_version=&#8220;4.27.4&#8243; _module_preset=&#8220;default&#8220; text_text_color=&#8220;#2DA9D7&#8243; header_4_text_color=&#8220;#072028&#8243; custom_margin=&#8220;0px||10px||false|false&#8220; global_colors_info=&#8220;{}&#8220;]<\/p>\n<p><span class=\"h4\">Good to<br \/>know<\/span><\/p>\n<p>[\/et_pb_text][et_pb_text _builder_version=&#8220;4.27.4&#8243; _module_preset=&#8220;default&#8220; text_text_color=&#8220;#072028&#8243; header_text_color=&#8220;#072028&#8243; global_colors_info=&#8220;{}&#8220;]<\/p>\n<p><span class=\"h1\">Hochzillertal &#8211; Kaltenbach<\/span><\/p>\n<p>[\/et_pb_text][\/et_pb_column][\/et_pb_row][et_pb_row disabled_on=&#8220;on|off|off&#8220; _builder_version=&#8220;4.27.4&#8243; _module_preset=&#8220;default&#8220; positioning=&#8220;absolute&#8220; position_origin_a=&#8220;bottom_right&#8220; vertical_offset=&#8220;24px&#8220; horizontal_offset=&#8220;40px&#8220; vertical_offset_tablet=&#8220;30px&#8220; vertical_offset_phone=&#8220;30px&#8220; vertical_offset_last_edited=&#8220;on|tablet&#8220; horizontal_offset_tablet=&#8220;0px&#8220; horizontal_offset_phone=&#8220;0px&#8220; horizontal_offset_last_edited=&#8220;on|desktop&#8220; width_tablet=&#8220;100%&#8220; width_phone=&#8220;100%&#8220; width_last_edited=&#8220;on|tablet&#8220; global_colors_info=&#8220;{}&#8220;][et_pb_column type=&#8220;4_4&#8243; _builder_version=&#8220;4.27.4&#8243; _module_preset=&#8220;default&#8220; global_colors_info=&#8220;{}&#8220;][et_pb_image src=&#8220;https:\/\/www.alpicon.at\/wp-content\/uploads\/2025\/01\/Good-to-know-FAQ.svg&#8220; alt=&#8220;Good to know FAQ&#8220; title_text=&#8220;Good to know FAQ&#8220; align=&#8220;right&#8220; _builder_version=&#8220;4.27.4&#8243; _module_preset=&#8220;default&#8220; global_colors_info=&#8220;{}&#8220;][\/et_pb_image][\/et_pb_column][\/et_pb_row][\/et_pb_section][et_pb_section fb_built=&#8220;1&#8243; custom_padding_last_edited=&#8220;on|phone&#8220; _builder_version=&#8220;4.27.4&#8243; _module_preset=&#8220;default&#8220; custom_padding=&#8220;130px||80px||false|false&#8220; custom_padding_tablet=&#8220;90px||70px||false|false&#8220; custom_padding_phone=&#8220;90px||||false|false&#8220; global_colors_info=&#8220;{}&#8220;][et_pb_row _builder_version=&#8220;4.27.4&#8243; _module_preset=&#8220;default&#8220; max_width=&#8220;1188px&#8220; max_width_tablet=&#8220;616px&#8220; max_width_phone=&#8220;616px&#8220; max_width_last_edited=&#8220;on|desktop&#8220; global_colors_info=&#8220;{}&#8220;][et_pb_column type=&#8220;4_4&#8243; _builder_version=&#8220;4.27.4&#8243; _module_preset=&#8220;default&#8220; global_colors_info=&#8220;{}&#8220;][et_pb_text _builder_version=&#8220;4.27.4&#8243; _module_preset=&#8220;default&#8220; text_text_color=&#8220;#072028&#8243; custom_margin=&#8220;0px||15px||false|false&#8220; global_colors_info=&#8220;{}&#8220;]<span class=\"h1\">Alles rund um das Alpicon House Music Festival<\/span>[\/et_pb_text][et_pb_text _builder_version=&#8220;4.27.4&#8243; _module_preset=&#8220;default&#8220; text_text_color=&#8220;#2DA9D7&#8243; global_colors_info=&#8220;{}&#8220;]Hier findest du alle wichtigen Infos auf einen Blick: Von Anreise und Lineup \u00fcber die spektakul\u00e4ren Locations bis hin zur Unterkunft. Egal, was du wissen m\u00f6chtest \u2013 wir haben die Antworten rund um das Alpicon House Music Festival.[\/et_pb_text][et_pb_text _builder_version=&#8220;4.27.4&#8243; _module_preset=&#8220;default&#8220; text_text_color=&#8220;#2DA9D7&#8243; link_font=&#8220;||||on||||&#8220; link_text_color=&#8220;#2DA9D7&#8243; custom_margin=&#8220;20px||0px||false|false&#8220; global_colors_info=&#8220;{}&#8220; link_text_color__hover_enabled=&#8220;on|hover&#8220; link_text_color__hover=&#8220;#1E80C3&#8243;]<\/p>\n<p>Noch Fragen? Kein Problem! <a href=\"https:\/\/www.alpicon.at\/kontakt\/\">Kontaktiere uns<\/a> gerne, und wir helfen dir weiter, damit dein Festivalerlebnis im Zillertal unvergesslich wird.<\/p>\n<p>[\/et_pb_text][\/et_pb_column][\/et_pb_row][et_pb_row column_structure=&#8220;1_2,1_2&#8243; _builder_version=&#8220;4.27.4&#8243; _module_preset=&#8220;default&#8220; custom_margin=&#8220;70px||0px||false|false&#8220; custom_margin_tablet=&#8220;60px||||false|false&#8220; custom_margin_phone=&#8220;60px||||false|false&#8220; custom_margin_last_edited=&#8220;on|tablet&#8220; global_colors_info=&#8220;{}&#8220;][et_pb_column type=&#8220;1_2&#8243; _builder_version=&#8220;4.27.4&#8243; _module_preset=&#8220;default&#8220; global_colors_info=&#8220;{}&#8220;][et_pb_text _builder_version=&#8220;4.27.4&#8243; _module_preset=&#8220;default&#8220; background_color=&#8220;#8BD2F1&#8243; text_orientation=&#8220;center&#8220; custom_padding=&#8220;27px||27px||true|false&#8220; link_option_url=&#8220;https:\/\/www.best-of-zillertal.at\/unterkuenfte\/unterkunft-buchen\/angebote\/unterkuenfte&#8220; link_option_url_new_window=&#8220;on&#8220; background_last_edited=&#8220;off|desktop&#8220; global_colors_info=&#8220;{}&#8220; background__hover_enabled=&#8220;on|hover&#8220; background_color__hover=&#8220;#2DA9D7&#8243; background_enable_color__hover=&#8220;on&#8220;]<\/p>\n<h2>Unterkunft buchen<\/h2>\n<p>[\/et_pb_text][\/et_pb_column][et_pb_column type=&#8220;1_2&#8243; _builder_version=&#8220;4.27.4&#8243; _module_preset=&#8220;default&#8220; global_colors_info=&#8220;{}&#8220;][et_pb_text _builder_version=&#8220;4.27.4&#8243; _module_preset=&#8220;default&#8220; background_color=&#8220;#2DA9D7&#8243; text_orientation=&#8220;center&#8220; custom_margin_tablet=&#8220;30px||||false|false&#8220; custom_margin_phone=&#8220;30px||||false|false&#8220; custom_margin_last_edited=&#8220;on|phone&#8220; custom_padding=&#8220;27px||27px||true|false&#8220; link_option_url=&#8220;https:\/\/hochzillertal.myzillertal.at\/de\/&#8220; link_option_url_new_window=&#8220;on&#8220; global_colors_info=&#8220;{}&#8220; background__hover_enabled=&#8220;on|hover&#8220; background_color__hover=&#8220;#1E80C3&#8243; background_enable_color__hover=&#8220;on&#8220;]<\/p>\n<h2>Skipass kaufen<\/h2>\n<p>[\/et_pb_text][\/et_pb_column][\/et_pb_row][\/et_pb_section][et_pb_section fb_built=&#8220;1&#8243; custom_padding_last_edited=&#8220;on|phone&#8220; _builder_version=&#8220;4.27.4&#8243; _module_preset=&#8220;default&#8220; background_color=&#8220;#072028&#8243; custom_padding=&#8220;65px||65px||true|false&#8220; custom_padding_tablet=&#8220;60px||10px||false|false&#8220; custom_padding_phone=&#8220;60px||10px||false|false&#8220; global_colors_info=&#8220;{}&#8220;][et_pb_row _builder_version=&#8220;4.27.4&#8243; _module_preset=&#8220;default&#8220; custom_margin=&#8220;0px||80px||false|false&#8220; custom_margin_tablet=&#8220;||30px||false|false&#8220; custom_margin_phone=&#8220;||30px||false|false&#8220; custom_margin_last_edited=&#8220;on|tablet&#8220; global_colors_info=&#8220;{}&#8220;][et_pb_column type=&#8220;4_4&#8243; _builder_version=&#8220;4.27.4&#8243; _module_preset=&#8220;default&#8220; global_colors_info=&#8220;{}&#8220;][et_pb_text _builder_version=&#8220;4.27.4&#8243; _module_preset=&#8220;default&#8220; text_orientation=&#8220;center&#8220; global_colors_info=&#8220;{}&#8220;]<\/p>\n<p><span class=\"big-headline\">How to get there<\/span><\/p>\n<p>[\/et_pb_text][\/et_pb_column][\/et_pb_row][et_pb_row column_structure=&#8220;1_3,1_3,1_3&#8243; _builder_version=&#8220;4.27.4&#8243; _module_preset=&#8220;default&#8220; global_colors_info=&#8220;{}&#8220;][et_pb_column type=&#8220;1_3&#8243; _builder_version=&#8220;4.27.4&#8243; _module_preset=&#8220;default&#8220; global_colors_info=&#8220;{}&#8220;][et_pb_text _builder_version=&#8220;4.27.4&#8243; _module_preset=&#8220;default&#8220; header_2_text_color=&#8220;#8BD2F1&#8243; custom_margin=&#8220;0px||15px||false|false&#8220; global_colors_info=&#8220;{}&#8220;]<\/p>\n<h2>Mit den \u00d6ffis<\/h2>\n<p>[\/et_pb_text][et_pb_text _builder_version=&#8220;4.27.4&#8243; _module_preset=&#8220;default&#8220; custom_margin_tablet=&#8220;||50px||false|false&#8220; custom_margin_phone=&#8220;||50px||false|false&#8220; custom_margin_last_edited=&#8220;on|phone&#8220; global_colors_info=&#8220;{}&#8220;]<\/p>\n<p>Mit dem Zug bis nach Jenbach, anschlie\u00dfend weiter mit der Zillertalbahn oder der Buslinie 8330 ins Zillertal. Ausstieg entweder an der Station\u00a0Erlebnistherme-Zillertal\u00a0in F\u00fcgen (BAWA) oder an der Station\u00a0Kaltenbach-Stumm Bahnhof\u00a0in Kaltenbach, dort gelanst du direkt zur Talstation Hochzillertal.<\/p>\n<p>[\/et_pb_text][\/et_pb_column][et_pb_column type=&#8220;1_3&#8243; _builder_version=&#8220;4.27.4&#8243; _module_preset=&#8220;default&#8220; global_colors_info=&#8220;{}&#8220;][et_pb_text _builder_version=&#8220;4.27.4&#8243; _module_preset=&#8220;default&#8220; header_2_text_color=&#8220;#8BD2F1&#8243; custom_margin=&#8220;0px||15px||false|false&#8220; global_colors_info=&#8220;{}&#8220;]<\/p>\n<h2>Mit dem Auto<\/h2>\n<p>[\/et_pb_text][et_pb_text _builder_version=&#8220;4.27.4&#8243; _module_preset=&#8220;default&#8220; custom_margin_tablet=&#8220;||50px||false|false&#8220; custom_margin_phone=&#8220;||50px||false|false&#8220; custom_margin_last_edited=&#8220;on|phone&#8220; global_colors_info=&#8220;{}&#8220;]\u00dcber die\u00a0A12 Inntalautobahn, Abfahrt\u00a0Zillertal, dann weiter auf der\u00a0B169 Zillertalstra\u00dfe\u00a0\u2013 etwa\u00a07 km bis F\u00fcgen\u00a0oder\u00a013 km bis Kaltenbach.[\/et_pb_text][\/et_pb_column][et_pb_column type=&#8220;1_3&#8243; _builder_version=&#8220;4.27.4&#8243; _module_preset=&#8220;default&#8220; global_colors_info=&#8220;{}&#8220;][et_pb_text _builder_version=&#8220;4.27.4&#8243; _module_preset=&#8220;default&#8220; header_2_text_color=&#8220;#8BD2F1&#8243; custom_margin=&#8220;0px||15px||false|false&#8220; global_colors_info=&#8220;{}&#8220;]<\/p>\n<h2>Mit dem Flugzeug<\/h2>\n<p>[\/et_pb_text][et_pb_text _builder_version=&#8220;4.27.4&#8243; _module_preset=&#8220;default&#8220; custom_margin_tablet=&#8220;||50px||false|false&#8220; custom_margin_phone=&#8220;||50px||false|false&#8220; custom_margin_last_edited=&#8220;on|phone&#8220; global_colors_info=&#8220;{}&#8220;]Anreise \u00fcber\u00a0M\u00fcnchen oder Innsbruck, danach Weiterreise ins Zillertal per Taxi oder mit \u00f6ffentlichen Verkehrsmitteln.[\/et_pb_text][\/et_pb_column][\/et_pb_row][\/et_pb_section][et_pb_section fb_built=&#8220;1&#8243; custom_padding_last_edited=&#8220;on|tablet&#8220; _builder_version=&#8220;4.27.4&#8243; _module_preset=&#8220;default&#8220; custom_padding=&#8220;80px||10px||false|false&#8220; custom_padding_tablet=&#8220;60px||0px||false|false&#8220; custom_padding_phone=&#8220;60px||0px||false|false&#8220; global_colors_info=&#8220;{}&#8220;][et_pb_row _builder_version=&#8220;4.27.4&#8243; _module_preset=&#8220;default&#8220; custom_margin=&#8220;0px||70px||false|false&#8220; custom_margin_tablet=&#8220;||40px||false|false&#8220; custom_margin_phone=&#8220;||40px||false|false&#8220; custom_margin_last_edited=&#8220;on|tablet&#8220; global_colors_info=&#8220;{}&#8220;][et_pb_column type=&#8220;4_4&#8243; _builder_version=&#8220;4.27.4&#8243; _module_preset=&#8220;default&#8220; global_colors_info=&#8220;{}&#8220;][et_pb_text _builder_version=&#8220;4.27.4&#8243; _module_preset=&#8220;default&#8220; text_text_color=&#8220;#2DA9D7&#8243; text_orientation=&#8220;center&#8220; global_colors_info=&#8220;{}&#8220;]<span class=\"big-headline\">How to reach the Locations<\/span>[\/et_pb_text][\/et_pb_column][\/et_pb_row][et_pb_row column_structure=&#8220;1_2,1_2&#8243; _builder_version=&#8220;4.27.4&#8243; _module_preset=&#8220;default&#8220; global_colors_info=&#8220;{}&#8220;][et_pb_column type=&#8220;1_2&#8243; _builder_version=&#8220;4.27.4&#8243; _module_preset=&#8220;default&#8220; background_color=&#8220;#2DA9D7&#8243; custom_padding=&#8220;25px|25px|25px|25px|true|true&#8220; custom_css_main_element=&#8220;margin-bottom: 40px;||&#8220; border_radii=&#8220;on|30px|30px|30px|30px&#8220; global_colors_info=&#8220;{}&#8220; custom_css_main_element_last_edited=&#8220;on|phone&#8220; custom_css_main_element_tablet=&#8220;margin-bottom: 20px;||&#8220; custom_css_main_element_phone=&#8220;margin-bottom: 20px;||&#8220;][et_pb_text _builder_version=&#8220;4.27.4&#8243; _module_preset=&#8220;default&#8220; text_text_color=&#8220;#072028&#8243; custom_margin=&#8220;0px||15px||false|false&#8220; custom_margin_tablet=&#8220;||20px||false|false&#8220; custom_margin_phone=&#8220;||20px||false|false&#8220; custom_margin_last_edited=&#8220;on|desktop&#8220; custom_padding=&#8220;12px||12px||true|false&#8220; custom_padding_tablet=&#8220;15px||15px||true|false&#8220; custom_padding_phone=&#8220;15px||15px||true|false&#8220; custom_padding_last_edited=&#8220;on|tablet&#8220; custom_css_after=&#8220;content: url(%22https:\/\/www.alpicon.at\/wp-content\/uploads\/2025\/01\/Ski.svg%22);||position: absolute;||right: 0px !important;||top: 0px;&#8220; global_colors_info=&#8220;{}&#8220;]<\/p>\n<p><span class=\"h1\">Kristallh\u00fctte<\/span><\/p>\n<p>[\/et_pb_text][et_pb_text _builder_version=&#8220;4.27.4&#8243; _module_preset=&#8220;default&#8220; global_colors_info=&#8220;{}&#8220;]<span class=\"einleitung\">Ski only: Mit der Hochzillertal-Gondel starten, \u00fcber Piste 14 zum Schneeexpress, weiter auf Piste 8 zur \u00d6felerbahn. Danach \u00fcber die Bergstation des Kristallexpress direkt zur Kristallh\u00fctte.<\/span>[\/et_pb_text][\/et_pb_column][et_pb_column type=&#8220;1_2&#8243; _builder_version=&#8220;4.27.4&#8243; _module_preset=&#8220;default&#8220; background_color=&#8220;#2DA9D7&#8243; custom_padding=&#8220;25px|25px|25px|25px|true|true&#8220; custom_css_main_element=&#8220;margin-bottom: 40px;||&#8220; border_radii=&#8220;on|30px|30px|30px|30px&#8220; global_colors_info=&#8220;{}&#8220; custom_css_main_element_last_edited=&#8220;on|tablet&#8220; custom_css_main_element_tablet=&#8220;margin-bottom: 20px !important;||&#8220; custom_css_main_element_phone=&#8220;margin-bottom: 20px !important;||&#8220;][et_pb_text _builder_version=&#8220;4.27.4&#8243; _module_preset=&#8220;default&#8220; text_text_color=&#8220;#072028&#8243; custom_margin=&#8220;0px||15px||false|false&#8220; custom_margin_tablet=&#8220;||20px||false|false&#8220; custom_margin_phone=&#8220;||20px||false|false&#8220; custom_margin_last_edited=&#8220;on|desktop&#8220; custom_padding=&#8220;12px||12px||true|false&#8220; custom_padding_tablet=&#8220;15px||15px||true|false&#8220; custom_padding_phone=&#8220;15px||15px||true|false&#8220; custom_padding_last_edited=&#8220;on|tablet&#8220; custom_css_after=&#8220;content: url(%22https:\/\/www.alpicon.at\/wp-content\/uploads\/2025\/01\/Ski-and-Walk.svg%22);||position: absolute;||right: 0px !important;||top: 0px;&#8220; global_colors_info=&#8220;{}&#8220;]<\/p>\n<p><span class=\"h1\">Albergo<\/span><\/p>\n<p>[\/et_pb_text][et_pb_text _builder_version=&#8220;4.27.4&#8243; _module_preset=&#8220;default&#8220; global_colors_info=&#8220;{}&#8220;]<\/p>\n<p style=\"margin-bottom: 20px;\"><span class=\"einleitung\">Ski:\u00a0Mit der Hochzillertal-Gondel, dann \u00fcber Piste 14 zum Wimbachexpress.<\/span><\/p>\n<p><span class=\"einleitung\">Walk:\u00a0Mit der Hochzillertal-Gondel und anschlie\u00dfend \u00fcber den Winterwanderweg zum Wimbachexpress.<\/span>[\/et_pb_text][\/et_pb_column][\/et_pb_row][et_pb_row column_structure=&#8220;1_2,1_2&#8243; _builder_version=&#8220;4.27.4&#8243; _module_preset=&#8220;default&#8220; global_colors_info=&#8220;{}&#8220;][et_pb_column type=&#8220;1_2&#8243; _builder_version=&#8220;4.27.4&#8243; _module_preset=&#8220;default&#8220; background_color=&#8220;#2DA9D7&#8243; custom_padding=&#8220;25px|25px|25px|25px|true|true&#8220; custom_css_main_element=&#8220;margin-bottom: 40px;||&#8220; border_radii=&#8220;on|30px|30px|30px|30px&#8220; global_colors_info=&#8220;{}&#8220; custom_css_main_element_last_edited=&#8220;on|phone&#8220; custom_css_main_element_tablet=&#8220;margin-bottom: 20px;||&#8220; custom_css_main_element_phone=&#8220;margin-bottom: 20px;||&#8220;][et_pb_text _builder_version=&#8220;4.27.4&#8243; _module_preset=&#8220;default&#8220; text_text_color=&#8220;#072028&#8243; custom_margin=&#8220;0px||15px||false|false&#8220; custom_margin_tablet=&#8220;||20px||false|false&#8220; custom_margin_phone=&#8220;||20px||false|false&#8220; custom_margin_last_edited=&#8220;on|desktop&#8220; custom_padding=&#8220;12px||12px||true|false&#8220; custom_padding_tablet=&#8220;15px||15px||true|false&#8220; custom_padding_phone=&#8220;15px||15px||true|false&#8220; custom_padding_last_edited=&#8220;on|tablet&#8220; custom_css_after=&#8220;content: url(%22https:\/\/www.alpicon.at\/wp-content\/uploads\/2025\/01\/Ski-and-Walk.svg%22);||position: absolute;||right: 0px !important;||top: 0px;&#8220; global_colors_info=&#8220;{}&#8220;]<\/p>\n<p><span class=\"h1\">Mountain View<\/span><\/p>\n<p>[\/et_pb_text][et_pb_text _builder_version=&#8220;4.27.4&#8243; _module_preset=&#8220;default&#8220; global_colors_info=&#8220;{}&#8220;]<span class=\"einleitung\">Ski &amp; Walk:\u00a0Mit der Hochzillertal-Gondel direkt zum Mountain View oder direkt von der Piste kommend, je nach Standort.<\/span>[\/et_pb_text][\/et_pb_column][et_pb_column type=&#8220;1_2&#8243; _builder_version=&#8220;4.27.4&#8243; _module_preset=&#8220;default&#8220; background_color=&#8220;#2DA9D7&#8243; custom_padding=&#8220;25px|25px|25px|25px|true|true&#8220; custom_css_main_element=&#8220;margin-bottom: 40px;||&#8220; border_radii=&#8220;on|30px|30px|30px|30px&#8220; global_colors_info=&#8220;{}&#8220; custom_css_main_element_last_edited=&#8220;on|tablet&#8220; custom_css_main_element_tablet=&#8220;margin-bottom: 20px !important;||&#8220; custom_css_main_element_phone=&#8220;margin-bottom: 20px !important;||&#8220;][et_pb_text _builder_version=&#8220;4.27.4&#8243; _module_preset=&#8220;default&#8220; text_text_color=&#8220;#072028&#8243; custom_margin=&#8220;0px||15px||false|false&#8220; custom_margin_tablet=&#8220;||20px||false|false&#8220; custom_margin_phone=&#8220;||20px||false|false&#8220; custom_margin_last_edited=&#8220;on|desktop&#8220; custom_padding=&#8220;12px||12px||true|false&#8220; custom_padding_tablet=&#8220;15px||15px||true|false&#8220; custom_padding_phone=&#8220;15px||15px||true|false&#8220; custom_padding_last_edited=&#8220;on|tablet&#8220; custom_css_after=&#8220;content: url(%22https:\/\/www.alpicon.at\/wp-content\/uploads\/2025\/01\/Ski-and-Walk.svg%22);||position: absolute;||right: 0px !important;||top: 0px;&#8220; global_colors_info=&#8220;{}&#8220;]<\/p>\n<p><span class=\"h1\">Platzlalm<\/span><\/p>\n<p>[\/et_pb_text][et_pb_text _builder_version=&#8220;4.27.4&#8243; _module_preset=&#8220;default&#8220; global_colors_info=&#8220;{}&#8220;]<\/p>\n<p style=\"margin-bottom: 20px;\"><span class=\"einleitung\">Ski:\u00a0Mit der Hochzillertal-Gondel, \u00fcber Piste 14 zum Sonnenjet, dann \u00fcber Piste 4 zur PlatzlAlm.<\/span><\/p>\n<p><span class=\"einleitung\">Walk:\u00a0Mit der Hochzillertal-Gondel, dann rechts \u00fcber die Piste zur PlatzlAlm (steiler Anstieg).<\/span>[\/et_pb_text][\/et_pb_column][\/et_pb_row][et_pb_row column_structure=&#8220;1_2,1_2&#8243; _builder_version=&#8220;4.27.4&#8243; _module_preset=&#8220;default&#8220; global_colors_info=&#8220;{}&#8220;][et_pb_column type=&#8220;1_2&#8243; _builder_version=&#8220;4.27.4&#8243; _module_preset=&#8220;default&#8220; background_color=&#8220;#2DA9D7&#8243; custom_padding=&#8220;25px|25px|25px|25px|true|true&#8220; custom_css_main_element=&#8220;margin-bottom: 40px;||&#8220; border_radii=&#8220;on|30px|30px|30px|30px&#8220; global_colors_info=&#8220;{}&#8220; custom_css_main_element_last_edited=&#8220;on|phone&#8220; custom_css_main_element_tablet=&#8220;margin-bottom: 20px;||&#8220; custom_css_main_element_phone=&#8220;margin-bottom: 20px;||&#8220;][et_pb_text _builder_version=&#8220;4.27.4&#8243; _module_preset=&#8220;default&#8220; text_text_color=&#8220;#072028&#8243; custom_margin=&#8220;0px||15px||false|false&#8220; custom_margin_tablet=&#8220;||20px||false|false&#8220; custom_margin_phone=&#8220;||20px||false|false&#8220; custom_margin_last_edited=&#8220;on|desktop&#8220; custom_padding=&#8220;12px||12px||true|false&#8220; custom_padding_tablet=&#8220;15px||15px||true|false&#8220; custom_padding_phone=&#8220;15px||15px||true|false&#8220; custom_padding_last_edited=&#8220;on|tablet&#8220; custom_css_after=&#8220;content: url(%22https:\/\/www.alpicon.at\/wp-content\/uploads\/2025\/01\/Ski-and-Walk.svg%22);||position: absolute;||right: 0px !important;||top: 0px;&#8220; global_colors_info=&#8220;{}&#8220;]<\/p>\n<p><span class=\"h1\">Wedelh\u00fctte<\/span><\/p>\n<p>[\/et_pb_text][et_pb_text _builder_version=&#8220;4.27.4&#8243; _module_preset=&#8220;default&#8220; global_colors_info=&#8220;{}&#8220;]<\/p>\n<p style=\"margin-bottom: 20px;\"><span class=\"einleitung\">Ski:\u00a0Mit der Hochzillertal-Gondel, \u00fcber Piste 14 zum Sonnenjet, dann Piste 12 zum Wedelexpress und weiter auf Piste 13 zur Wedelh\u00fctte.<\/span><\/p>\n<p><span class=\"einleitung\">Walk:\u00a0Von Hochf\u00fcgen mit der Zillertal-Shuttle-Gondel, anschlie\u00dfend ca. 10 Minuten Fu\u00dfweg zur Wedelh\u00fctte.<\/span>[\/et_pb_text][\/et_pb_column][et_pb_column type=&#8220;1_2&#8243; _builder_version=&#8220;4.27.4&#8243; _module_preset=&#8220;default&#8220; background_color=&#8220;#2DA9D7&#8243; custom_padding=&#8220;25px|25px|25px|25px|true|true&#8220; custom_css_main_element=&#8220;margin-bottom: 40px;||&#8220; border_radii=&#8220;on|30px|30px|30px|30px&#8220; global_colors_info=&#8220;{}&#8220; custom_css_main_element_last_edited=&#8220;on|tablet&#8220; custom_css_main_element_tablet=&#8220;margin-bottom: 20px !important;||&#8220; custom_css_main_element_phone=&#8220;margin-bottom: 20px !important;||&#8220;][et_pb_text _builder_version=&#8220;4.27.4&#8243; _module_preset=&#8220;default&#8220; text_text_color=&#8220;#072028&#8243; custom_margin=&#8220;0px||15px||false|false&#8220; custom_margin_tablet=&#8220;||20px||false|false&#8220; custom_margin_phone=&#8220;||20px||false|false&#8220; custom_margin_last_edited=&#8220;on|desktop&#8220; custom_padding=&#8220;12px||12px||true|false&#8220; custom_padding_tablet=&#8220;15px||15px||true|false&#8220; custom_padding_phone=&#8220;15px||15px||true|false&#8220; custom_padding_last_edited=&#8220;on|tablet&#8220; custom_css_after=&#8220;content: url(%22https:\/\/www.alpicon.at\/wp-content\/uploads\/2025\/01\/Walk.svg%22);||position: absolute;||right: 0px !important;||top: 0px;&#8220; global_colors_info=&#8220;{}&#8220;]<\/p>\n<p><span class=\"h1\">Postalm<\/span><\/p>\n<p>[\/et_pb_text][et_pb_text _builder_version=&#8220;4.27.4&#8243; _module_preset=&#8220;default&#8220; global_colors_info=&#8220;{}&#8220;]<span class=\"einleitung\">Walk: Direkt links neben der Talstation Hochzillertal in Kaltenbach.<\/span>[\/et_pb_text][\/et_pb_column][\/et_pb_row][et_pb_row column_structure=&#8220;1_2,1_2&#8243; _builder_version=&#8220;4.27.4&#8243; _module_preset=&#8220;default&#8220; global_colors_info=&#8220;{}&#8220;][et_pb_column type=&#8220;1_2&#8243; _builder_version=&#8220;4.27.4&#8243; _module_preset=&#8220;default&#8220; background_color=&#8220;#2DA9D7&#8243; custom_padding=&#8220;25px|25px|25px|25px|true|true&#8220; custom_css_main_element=&#8220;margin-bottom: 40px;||&#8220; border_radii=&#8220;on|30px|30px|30px|30px&#8220; global_colors_info=&#8220;{}&#8220; custom_css_main_element_last_edited=&#8220;on|phone&#8220; custom_css_main_element_tablet=&#8220;margin-bottom: 20px;||&#8220; custom_css_main_element_phone=&#8220;margin-bottom: 20px;||&#8220;][et_pb_text _builder_version=&#8220;4.27.4&#8243; _module_preset=&#8220;default&#8220; text_text_color=&#8220;#072028&#8243; custom_margin=&#8220;0px||15px||false|false&#8220; custom_margin_tablet=&#8220;||20px||false|false&#8220; custom_margin_phone=&#8220;||20px||false|false&#8220; custom_margin_last_edited=&#8220;on|desktop&#8220; custom_padding=&#8220;12px||12px||true|false&#8220; custom_padding_tablet=&#8220;15px||15px||true|false&#8220; custom_padding_phone=&#8220;15px||15px||true|false&#8220; custom_padding_last_edited=&#8220;on|tablet&#8220; custom_css_after=&#8220;content: url(%22https:\/\/www.alpicon.at\/wp-content\/uploads\/2025\/01\/Walk.svg%22);||position: absolute;||right: 0px !important;||top: 0px;&#8220; global_colors_info=&#8220;{}&#8220;]<\/p>\n<p><span class=\"h1\">sChic<\/span><\/p>\n<p>[\/et_pb_text][et_pb_text _builder_version=&#8220;4.27.4&#8243; _module_preset=&#8220;default&#8220; global_colors_info=&#8220;{}&#8220;]<span class=\"einleitung\">Walk: In der Talstation Hochzillertal in Kaltenbach.<\/span>[\/et_pb_text][\/et_pb_column][et_pb_column type=&#8220;1_2&#8243; _builder_version=&#8220;4.27.4&#8243; _module_preset=&#8220;default&#8220; background_color=&#8220;#2DA9D7&#8243; custom_padding=&#8220;25px|25px|25px|25px|true|true&#8220; custom_css_main_element=&#8220;margin-bottom: 40px;||&#8220; border_radii=&#8220;on|30px|30px|30px|30px&#8220; global_colors_info=&#8220;{}&#8220; custom_css_main_element_last_edited=&#8220;on|tablet&#8220; custom_css_main_element_tablet=&#8220;margin-bottom: 20px !important;||&#8220; custom_css_main_element_phone=&#8220;margin-bottom: 20px !important;||&#8220;][et_pb_text _builder_version=&#8220;4.27.4&#8243; _module_preset=&#8220;default&#8220; text_text_color=&#8220;#072028&#8243; custom_margin=&#8220;0px||15px||false|false&#8220; custom_margin_tablet=&#8220;||20px||false|false&#8220; custom_margin_phone=&#8220;||20px||false|false&#8220; custom_margin_last_edited=&#8220;on|desktop&#8220; custom_padding=&#8220;12px||12px||true|false&#8220; custom_padding_tablet=&#8220;15px||15px||true|false&#8220; custom_padding_phone=&#8220;15px||15px||true|false&#8220; custom_padding_last_edited=&#8220;on|tablet&#8220; global_colors_info=&#8220;{}&#8220;]<\/p>\n<p><span class=\"h1\">Bawa<\/span><\/p>\n<p>[\/et_pb_text][et_pb_text _builder_version=&#8220;4.27.5&#8243; _module_preset=&#8220;default&#8220; link_font=&#8220;||||on||||&#8220; global_colors_info=&#8220;{}&#8220; link_text_color__hover_enabled=&#8220;on|hover&#8220; link_text_color__hover=&#8220;#8BD2F1&#8243;]<span class=\"einleitung\">Public transport &amp; Car: In F\u00fcgen, direkt an der B169, neben der Erlebnistherme Zillertal. Die BAWA erreichst du mit dem gratis Alpicon Shuttlebus von Hochzillertal aus im Halbstundentakt. <a href=\"https:\/\/www.alpicon.at\/wp-content\/uploads\/2026\/03\/Shuttle-Plan-BAWA.webp\" target=\"_blank\" title=\"Fahrplan Shuttlebus\" aria-label=\"Fahrplan Shuttlebus\" rel=\"noopener\">Zum Fahrplan<\/a><\/span>[\/et_pb_text][\/et_pb_column][\/et_pb_row][et_pb_row column_structure=&#8220;1_2,1_2&#8243; _builder_version=&#8220;4.27.4&#8243; _module_preset=&#8220;default&#8220; global_colors_info=&#8220;{}&#8220;][et_pb_column type=&#8220;1_2&#8243; _builder_version=&#8220;4.27.4&#8243; _module_preset=&#8220;default&#8220; background_color=&#8220;#2DA9D7&#8243; custom_padding=&#8220;25px|25px|25px|25px|true|true&#8220; custom_css_main_element=&#8220;margin-bottom: 40px;||&#8220; border_radii=&#8220;on|30px|30px|30px|30px&#8220; global_colors_info=&#8220;{}&#8220; custom_css_main_element_last_edited=&#8220;on|phone&#8220; custom_css_main_element_tablet=&#8220;margin-bottom: 20px;||&#8220; custom_css_main_element_phone=&#8220;margin-bottom: 20px;||&#8220;][et_pb_text _builder_version=&#8220;4.27.5&#8243; _module_preset=&#8220;default&#8220; text_text_color=&#8220;#072028&#8243; custom_margin=&#8220;0px||15px||false|false&#8220; custom_margin_tablet=&#8220;||20px||false|false&#8220; custom_margin_phone=&#8220;||20px||false|false&#8220; custom_margin_last_edited=&#8220;on|desktop&#8220; custom_padding=&#8220;12px||12px||true|false&#8220; custom_padding_tablet=&#8220;15px||15px||true|false&#8220; custom_padding_phone=&#8220;15px||15px||true|false&#8220; custom_padding_last_edited=&#8220;on|tablet&#8220; custom_css_after=&#8220;content: url(%22https:\/\/www.alpicon.at\/wp-content\/uploads\/2025\/01\/Walk.svg%22);||position: absolute;||right: 0px !important;||top: 0px;&#8220; global_colors_info=&#8220;{}&#8220;]<\/p>\n<p><span class=\"h1\">KABOOOM<\/span><\/p>\n<p>[\/et_pb_text][et_pb_text _builder_version=&#8220;4.27.4&#8243; _module_preset=&#8220;default&#8220; global_colors_info=&#8220;{}&#8220;]<\/p>\n<p><span class=\"einleitung\">Walk: Unmittelbar neben der Talstation Hochzillertal in Kaltenbach, neben dem gro\u00dfen Parkplatz.<\/span><\/p>\n<p>[\/et_pb_text][\/et_pb_column][et_pb_column type=&#8220;1_2&#8243; _builder_version=&#8220;4.27.4&#8243; _module_preset=&#8220;default&#8220; background_color=&#8220;#2DA9D7&#8243; custom_padding=&#8220;25px|25px|25px|25px|true|true&#8220; custom_css_main_element=&#8220;margin-bottom: 40px;||&#8220; border_radii=&#8220;on|30px|30px|30px|30px&#8220; global_colors_info=&#8220;{}&#8220; custom_css_main_element_last_edited=&#8220;on|tablet&#8220; custom_css_main_element_tablet=&#8220;margin-bottom: 20px !important;||&#8220; custom_css_main_element_phone=&#8220;margin-bottom: 20px !important;||&#8220;][et_pb_text _builder_version=&#8220;4.27.5&#8243; _module_preset=&#8220;default&#8220; text_text_color=&#8220;#072028&#8243; custom_margin=&#8220;0px||15px||false|false&#8220; custom_margin_tablet=&#8220;||20px||false|false&#8220; custom_margin_phone=&#8220;||20px||false|false&#8220; custom_margin_last_edited=&#8220;on|desktop&#8220; custom_padding=&#8220;12px||12px||true|false&#8220; custom_padding_tablet=&#8220;15px||15px||true|false&#8220; custom_padding_phone=&#8220;15px||15px||true|false&#8220; custom_padding_last_edited=&#8220;on|tablet&#8220; custom_css_after=&#8220;content: url(%22https:\/\/www.alpicon.at\/wp-content\/uploads\/2025\/01\/Walk.svg%22);||position: absolute;||right: 0px !important;||top: 0px;&#8220; global_colors_info=&#8220;{}&#8220;]<\/p>\n<p><span class=\"h1\">Red Bull Truck<\/span><\/p>\n<p>[\/et_pb_text][et_pb_text _builder_version=&#8220;4.27.4&#8243; _module_preset=&#8220;default&#8220; global_colors_info=&#8220;{}&#8220;]<\/p>\n<p><span class=\"einleitung\">Walk: Direkt an der Talstation Hochzillertal in Kaltenbach.<\/span><\/p>\n<p>[\/et_pb_text][\/et_pb_column][\/et_pb_row][\/et_pb_section][et_pb_section fb_built=&#8220;1&#8243; _builder_version=&#8220;4.27.4&#8243; _module_preset=&#8220;default&#8220; custom_margin=&#8220;||||false|false&#8220; custom_margin_tablet=&#8220;||0px||false|false&#8220; custom_margin_phone=&#8220;||||false|false&#8220; custom_margin_last_edited=&#8220;on|desktop&#8220; global_colors_info=&#8220;{}&#8220;][et_pb_row custom_padding_last_edited=&#8220;on|tablet&#8220; _builder_version=&#8220;4.27.4&#8243; _module_preset=&#8220;default&#8220; custom_padding=&#8220;70px||70px||true|false&#8220; custom_padding_tablet=&#8220;40px||40px||true|false&#8220; custom_padding_phone=&#8220;40px||40px||true|false&#8220; global_module=&#8220;3864&#8243; saved_tabs=&#8220;all&#8220; global_colors_info=&#8220;{}&#8220;][et_pb_column type=&#8220;4_4&#8243; _builder_version=&#8220;4.27.4&#8243; _module_preset=&#8220;default&#8220; global_colors_info=&#8220;{}&#8220;][et_pb_image src=&#8220;https:\/\/www.alpicon.at\/wp-content\/uploads\/2026\/03\/Alpicon-2026-Pistenplan.webp&#8220; alt=&#8220;Alpicon 2026 Pistenplan&#8220; title_text=&#8220;Alpicon 2026 Pistenplan&#8220; show_in_lightbox=&#8220;on&#8220; _builder_version=&#8220;4.27.5&#8243; _module_preset=&#8220;default&#8220; global_colors_info=&#8220;{}&#8220;][\/et_pb_image][\/et_pb_column][\/et_pb_row][\/et_pb_section][et_pb_section fb_built=&#8220;1&#8243; custom_padding_last_edited=&#8220;on|tablet&#8220; _builder_version=&#8220;4.27.4&#8243; _module_preset=&#8220;default&#8220; custom_margin=&#8220;||215px||false|false&#8220; custom_margin_tablet=&#8220;||169px||false|false&#8220; custom_margin_phone=&#8220;||215px||false|false&#8220; custom_margin_last_edited=&#8220;on|phone&#8220; custom_padding=&#8220;10px||||false|false&#8220; custom_padding_tablet=&#8220;20px||||false|false&#8220; custom_padding_phone=&#8220;20px||||false|false&#8220; global_colors_info=&#8220;{}&#8220; custom_padding__hover_enabled=&#8220;off|desktop&#8220;][et_pb_row _builder_version=&#8220;4.27.4&#8243; _module_preset=&#8220;default&#8220; max_width=&#8220;1188px&#8220; max_width_tablet=&#8220;616px&#8220; max_width_phone=&#8220;616px&#8220; max_width_last_edited=&#8220;on|desktop&#8220; max_height_last_edited=&#8220;off|phone&#8220; custom_margin=&#8220;0px||70px||false|false&#8220; custom_margin_tablet=&#8220;||40px||false|false&#8220; custom_margin_phone=&#8220;||40px||false|false&#8220; custom_margin_last_edited=&#8220;on|tablet&#8220; global_colors_info=&#8220;{}&#8220;][et_pb_column type=&#8220;4_4&#8243; _builder_version=&#8220;4.27.4&#8243; _module_preset=&#8220;default&#8220; global_colors_info=&#8220;{}&#8220;][et_pb_text _builder_version=&#8220;4.27.4&#8243; _module_preset=&#8220;default&#8220; text_text_color=&#8220;#2DA9D7&#8243; text_orientation=&#8220;center&#8220; custom_margin=&#8220;0px||40px||false|false&#8220; global_colors_info=&#8220;{}&#8220;]<\/p>\n<p><span class=\"big-headline\">FAQ<\/span><\/p>\n<p>[\/et_pb_text][et_pb_accordion open_toggle_text_color=&#8220;#072028&#8243; open_toggle_background_color=&#8220;RGBA(255,255,255,0)&#8220; closed_toggle_background_color=&#8220;RGBA(255,255,255,0)&#8220; toggle_icon=&#8220;&#x4c;||divi||400&#8243; icon_color=&#8220;#2DA9D7&#8243; _builder_version=&#8220;4.27.6&#8243; _module_preset=&#8220;default&#8220; toggle_text_color=&#8220;#072028&#8243; toggle_level=&#8220;h3&#8243; toggle_font_size=&#8220;16px&#8220; body_text_color=&#8220;#2DA9D7&#8243; body_link_font=&#8220;||||on||||&#8220; body_link_text_color=&#8220;#2DA9D7&#8243; width=&#8220;100%&#8220; custom_margin=&#8220;0px|0px|0px|0px|false|false&#8220; custom_padding=&#8220;0px|0px|0px|0px|false|false&#8220; hover_enabled=&#8220;0&#8243; custom_css_toggle=&#8220;padding: 20px 0px !important;||margin: 0px !important;&#8220; custom_css_toggle_content=&#8220;width: 70%;||padding-top: 15px !important;&#8220; border_width_all=&#8220;0px&#8220; border_width_top=&#8220;1px&#8220; border_color_top=&#8220;#2DA9D7&#8243; global_colors_info=&#8220;{}&#8220; body_link_text_color__hover_enabled=&#8220;on|hover&#8220; body_link_text_color__hover=&#8220;#1E80C3&#8243; custom_css_toggle_content_last_edited=&#8220;on|phone&#8220; custom_css_toggle_content_tablet=&#8220;width: 100%;||padding-top: 15px !important;&#8220; custom_css_toggle_content_phone=&#8220;width: 100%;||padding-top: 15px !important;&#8220; sticky_enabled=&#8220;0&#8243;][et_pb_accordion_item title=&#8220;Wo und wann findet das Festival statt?&#8220; open=&#8220;on&#8220; open_toggle_background_color=&#8220;RGBA(255,255,255,0)&#8220; closed_toggle_background_color=&#8220;RGBA(255,255,255,0)&#8220; icon_color=&#8220;#2DA9D7&#8243; _builder_version=&#8220;4.27.6&#8243; _module_preset=&#8220;default&#8220; hover_enabled=&#8220;0&#8243; global_colors_info=&#8220;{}&#8220; sticky_enabled=&#8220;0&#8243;]<\/p>\n<p style=\"margin-bottom: 20px;\">Das Alpicon House Music Festival findet von 18.-21. M\u00e4rz 2027 im Skigebiet Hochzillertal, sowie in Kaltenbach und Fu\u0308gen statt.<\/p>\n<p><a href=\"https:\/\/www.alpicon.at\/locations\/\">Zu den Locations<\/a><\/p>\n<p>[\/et_pb_accordion_item][et_pb_accordion_item title=&#8220;Wieviel kostet der Eintritt?&#8220; open_toggle_background_color=&#8220;RGBA(255,255,255,0)&#8220; closed_toggle_background_color=&#8220;RGBA(255,255,255,0)&#8220; icon_color=&#8220;#2DA9D7&#8243; _builder_version=&#8220;4.27.4&#8243; _module_preset=&#8220;default&#8220; global_colors_info=&#8220;{}&#8220; open=&#8220;off&#8220;]<\/p>\n<p>Der Eintritt zum Alpicon House Music Festival, sowie zu allen Locations ist v\u00f6llig KOSTENLOS. Es wird lediglich ein g\u00fcltiger Skipass ben\u00f6tigt, wenn die Seilbahnen benutzt werden, um einige der Locations zu erreichen.<\/p>\n<p>[\/et_pb_accordion_item][et_pb_accordion_item title=&#8220;Gibt es eine Altersbegrenzung?&#8220; open_toggle_background_color=&#8220;RGBA(255,255,255,0)&#8220; closed_toggle_background_color=&#8220;RGBA(255,255,255,0)&#8220; icon_color=&#8220;#2DA9D7&#8243; _builder_version=&#8220;4.27.4&#8243; _module_preset=&#8220;default&#8220; global_colors_info=&#8220;{}&#8220; open=&#8220;off&#8220;]<\/p>\n<p>Tags\u00fcber gibt es in den Locations keine Altersbeschr\u00e4nkung. Am Abend gelten die Hausregeln der jeweiligen Location.<\/p>\n<p>[\/et_pb_accordion_item][et_pb_accordion_item title=&#8220;Wer ist beim Alpicon 2027 dabei? &#8220; open_toggle_background_color=&#8220;RGBA(255,255,255,0)&#8220; closed_toggle_background_color=&#8220;RGBA(255,255,255,0)&#8220; icon_color=&#8220;#2DA9D7&#8243; _builder_version=&#8220;4.27.6&#8243; _module_preset=&#8220;default&#8220; hover_enabled=&#8220;0&#8243; global_colors_info=&#8220;{}&#8220; open=&#8220;off&#8220; sticky_enabled=&#8220;0&#8243;]<\/p>\n<p style=\"margin-bottom: 20px;\">Lineup to be announcend<\/p>\n<p>[\/et_pb_accordion_item][et_pb_accordion_item title=&#8220;Brauche ich einen Skipass?&#8220; open_toggle_background_color=&#8220;RGBA(255,255,255,0)&#8220; closed_toggle_background_color=&#8220;RGBA(255,255,255,0)&#8220; icon_color=&#8220;#2DA9D7&#8243; _builder_version=&#8220;4.27.4&#8243; _module_preset=&#8220;default&#8220; global_colors_info=&#8220;{}&#8220; open=&#8220;off&#8220;]<\/p>\n<p style=\"margin-bottom: 20px;\">Nein, der Eintritt zum Alpicon Festival ist kostenlos. Ein g\u00fcltiger Skipass wird nur dann ben\u00f6tigt, wenn du die Seilbahnen benutzen willst.<\/p>\n<p>Bitte beachte, dass einige Locations am Berg nur mit der Seilbahn erreicht werden k\u00f6nnen.<br \/><a href=\"https:\/\/www.alpicon.at\/locations\/\">Zu den Locations<\/a><\/p>\n<p>[\/et_pb_accordion_item][et_pb_accordion_item title=&#8220;Wo kann ich eine Unterkunft f\u00fcr das Alpicon buchen? &#8220; open_toggle_background_color=&#8220;RGBA(255,255,255,0)&#8220; closed_toggle_background_color=&#8220;RGBA(255,255,255,0)&#8220; icon_color=&#8220;#2DA9D7&#8243; _builder_version=&#8220;4.27.4&#8243; _module_preset=&#8220;default&#8220; global_colors_info=&#8220;{}&#8220; open=&#8220;off&#8220;]<\/p>\n<p style=\"margin-bottom: 20px;\"><a href=\"https:\/\/www.best-of-zillertal.at\/unterkuenfte\/unterkunft-buchen\/angebote\/unterkuenfte\" target=\"_blank\" rel=\"noopener\">Unterkunft buchen<\/a><\/p>\n<p>Gerne kannst du uns auch direkt per E-Mail an <a href=\"mailto:fuegen@bestofzillertal.at\">fuegen@bestofzillertal.at<\/a> kontaktieren oder uns unter <a href=\"tel:+43528862262\">+43 5288 622 62<\/a> anrufen. Wir helfen dir gerne pers\u00f6nlich weiter![\/et_pb_accordion_item][et_pb_accordion_item title=&#8220;Wo kann ich parken?&#8220; open_toggle_background_color=&#8220;RGBA(255,255,255,0)&#8220; closed_toggle_background_color=&#8220;RGBA(255,255,255,0)&#8220; icon_color=&#8220;#2DA9D7&#8243; _builder_version=&#8220;4.27.4&#8243; _module_preset=&#8220;default&#8220; global_colors_info=&#8220;{}&#8220; open=&#8220;off&#8220;]<\/p>\n<p>Du kannst du kostenlos an der Talstation des Skigebiets Hochzillertal parken. Direkt bei der BAWA findest du zudem ebenfalls einen Parkplatz.<\/p>\n<p>[\/et_pb_accordion_item][et_pb_accordion_item title=&#8220;Gibt es Shuttles zu den verschiedenen Locations im Tal?&#8220; open_toggle_background_color=&#8220;RGBA(255,255,255,0)&#8220; closed_toggle_background_color=&#8220;RGBA(255,255,255,0)&#8220; icon_color=&#8220;#2DA9D7&#8243; _builder_version=&#8220;4.27.5&#8243; _module_preset=&#8220;default&#8220; global_colors_info=&#8220;{}&#8220; open=&#8220;off&#8220;]<\/p>\n<p style=\"margin-bottom: 20px;\">Es wird einen organisierten Shuttlebus von Kaltenbach zur BAWA und wieder zur\u00fcck geben.<\/p>\n<p><a href=\"https:\/\/www.alpicon.at\/wp-content\/uploads\/2026\/03\/Shuttle-Plan-BAWA.webp\" target=\"_blank\" title=\"Fahrplan Shuttlebus\" aria-label=\"Fahrplan Shuttlebus\" rel=\"noopener\">Zum Shuttle-Fahrplan<\/a>[\/et_pb_accordion_item][et_pb_accordion_item title=&#8220;Wo bekomme ich Infos zum Alpicon Festival? &#8220; open_toggle_background_color=&#8220;RGBA(255,255,255,0)&#8220; closed_toggle_background_color=&#8220;RGBA(255,255,255,0)&#8220; icon_color=&#8220;#2DA9D7&#8243; _builder_version=&#8220;4.27.4&#8243; _module_preset=&#8220;default&#8220; global_colors_info=&#8220;{}&#8220; open=&#8220;off&#8220;]<\/p>\n<p style=\"margin-bottom: 20px;\">Alle Informationen vorab gibt es auf unseren Social Media-Kan\u00e4len und auf unserer Website. An den Festivaltagen findest du kurzfristige Infos auf Instagram\u00a0und Facebook.<\/p>\n<p style=\"margin-bottom: 20px;\">Zudem wird es bei der Talstation einen Infopoint geben.<\/p>\n<p>Du hast noch Fragen? <a href=\"https:\/\/www.alpicon.at\/kontakt\/\">Kontaktiere uns<\/a> gerne direkt \u00fcber unser\u00a0Kontaktformular\u00a0oder \u00fcber unsere Social Media-Kan\u00e4le.[\/et_pb_accordion_item][et_pb_accordion_item title=&#8220;Wie kann ich beim Alpicon bezahlen? &#8220; open_toggle_background_color=&#8220;RGBA(255,255,255,0)&#8220; closed_toggle_background_color=&#8220;RGBA(255,255,255,0)&#8220; icon_color=&#8220;#2DA9D7&#8243; _builder_version=&#8220;4.27.4&#8243; _module_preset=&#8220;default&#8220; global_colors_info=&#8220;{}&#8220; open=&#8220;off&#8220;]<\/p>\n<p>Das variiert je nach Location, bitte beachte, dass besonders bei den Locations in den Bergen eine Kartenzahlung nicht immer garantiert ist. Wir empfehlen dir, ausreichend Bargeld mitzubringen.<\/p>\n<p>[\/et_pb_accordion_item][et_pb_accordion_item title=&#8220;Was passiert bei schlechtem Wetter?&#8220; open_toggle_background_color=&#8220;RGBA(255,255,255,0)&#8220; closed_toggle_background_color=&#8220;RGBA(255,255,255,0)&#8220; icon_color=&#8220;#2DA9D7&#8243; _builder_version=&#8220;4.27.4&#8243; _module_preset=&#8220;default&#8220; global_colors_info=&#8220;{}&#8220; open=&#8220;off&#8220;]<\/p>\n<p style=\"margin-bottom: 20px;\">Sollte uns das Wetter nicht in die Karten spielen, haben wir uns ein Indoor-Alternativprogramm \u00fcberlegt. Alle Last-Minute Informationen gibt es auf unseren Social Media-Kan\u00e4len.<\/p>\n<p>Die aktuelle Wetterprognose findest du bei <a href=\"https:\/\/www.bergfex.at\/hochzillertal\/wetter\/berg\/\" target=\"_blank\" rel=\"noopener\">Bergfex<\/a>.[\/et_pb_accordion_item][et_pb_accordion_item title=&#8220;Wie verhalte ich mich im Notfall? &#8220; open_toggle_background_color=&#8220;RGBA(255,255,255,0)&#8220; closed_toggle_background_color=&#8220;RGBA(255,255,255,0)&#8220; icon_color=&#8220;#2DA9D7&#8243; _builder_version=&#8220;4.27.4&#8243; _module_preset=&#8220;default&#8220; global_colors_info=&#8220;{}&#8220; open=&#8220;off&#8220;]<\/p>\n<p style=\"margin-bottom: 20px;\">Bleibe ruhig, sch\u00e4tze die Situation ein und schlie\u00dfe Gefahren f\u00fcr dich und andere aus. Setze dann den Notruf ab und leiste Erste Hilfe, bis die Einsatzkr\u00e4fte kommen.<\/p>\n<p style=\"margin-bottom: 20px;\">Die wichtigsten Notrufnummern im \u00dcberblick:<br \/>\nAlpiner Notruf (+43) 112<br \/>\nBergrettung (+43) 140<br \/>\nRettung (+43) 144<br \/>\nPolizei (+43) 133<br \/>\nFeuerwehr (+43) 122<\/p>\n<p>Um Unf\u00e4lle auf der Skipiste zu vermeiden, sind die geltenden FIS-Regeln unbedingt einzuhalten. Und auch hier gilt: Fahre niemals schneller, als dein Schutzengel fliegen kann und fahre lieber mit der Gondel ins Tal, wenn du Alkohol konsumierst.[\/et_pb_accordion_item][et_pb_accordion_item title=&#8220;Was darf ich nicht zum Festival mitbringen? &#8220; open_toggle_background_color=&#8220;RGBA(255,255,255,0)&#8220; closed_toggle_background_color=&#8220;RGBA(255,255,255,0)&#8220; icon_color=&#8220;#2DA9D7&#8243; _builder_version=&#8220;4.27.4&#8243; _module_preset=&#8220;default&#8220; global_colors_info=&#8220;{}&#8220; open=&#8220;off&#8220;]<\/p>\n<p>Zu deinem und zum Schutz aller G\u00e4ste bitten wir dich, keine gef\u00e4hrlichen Gegenst\u00e4nde mitzubringen.<\/p>\n<p>[\/et_pb_accordion_item][et_pb_accordion_item title=&#8220;Darf ich meinen Hund mit zum Festival bringen?&#8220; open_toggle_background_color=&#8220;RGBA(255,255,255,0)&#8220; closed_toggle_background_color=&#8220;RGBA(255,255,255,0)&#8220; icon_color=&#8220;#2DA9D7&#8243; _builder_version=&#8220;4.27.4&#8243; _module_preset=&#8220;default&#8220; global_colors_info=&#8220;{}&#8220; open=&#8220;off&#8220;]<\/p>\n<p>Auch wenn dein vierbeiniger Freund auf House Music steht, raten wir dir dringend ihn zu Hause zu lassen. Somit ersparst du deinem Liebling viel Stress und tust dir und den anderen G\u00e4sten etwas Gutes.<\/p>\n<p>[\/et_pb_accordion_item][\/et_pb_accordion][\/et_pb_column][\/et_pb_row][\/et_pb_section][et_pb_section fb_built=&#8220;1&#8243; custom_padding_last_edited=&#8220;on|phone&#8220; _builder_version=&#8220;4.27.4&#8243; _module_preset=&#8220;default&#8220; background_color=&#8220;#072028&#8243; custom_margin=&#8220;||||false|false&#8220; custom_padding=&#8220;60px||60px||true|false&#8220; custom_padding_tablet=&#8220;170px||40px||false|false&#8220; custom_padding_phone=&#8220;170px||40px||false|false&#8220; global_module=&#8220;3856&#8243; saved_tabs=&#8220;all&#8220; global_colors_info=&#8220;{}&#8220;][et_pb_row column_structure=&#8220;1_2,1_2&#8243; _builder_version=&#8220;4.27.4&#8243; _module_preset=&#8220;default&#8220; max_width_tablet=&#8220;616px&#8220; max_width_phone=&#8220;616px&#8220; max_width_last_edited=&#8220;on|tablet&#8220; global_colors_info=&#8220;{}&#8220;][et_pb_column type=&#8220;1_2&#8243; _builder_version=&#8220;4.27.4&#8243; _module_preset=&#8220;default&#8220; global_colors_info=&#8220;{}&#8220;][et_pb_image src=&#8220;https:\/\/www.alpicon.at\/wp-content\/uploads\/2025\/11\/Festival-Newsletter-Anmeldung.png&#8220; alt=&#8220;Festival Newsletter Anmeldung&#8220; title_text=&#8220;Festival Newsletter Anmeldung&#8220; align=&#8220;center&#8220; disabled_on=&#8220;off|off|on&#8220; admin_label=&#8220;mobile bild &#8220; _builder_version=&#8220;4.27.4&#8243; _module_preset=&#8220;default&#8220; positioning=&#8220;absolute&#8220; position_origin_a=&#8220;top_center&#8220; vertical_offset=&#8220;-365px&#8220; horizontal_offset=&#8220;0px&#8220; width=&#8220;100%&#8220; width_tablet=&#8220;100%&#8220; width_phone=&#8220;100%&#8220; width_last_edited=&#8220;on|tablet&#8220; max_width=&#8220;360px&#8220; custom_margin=&#8220;0px||40px||false|false&#8220; global_colors_info=&#8220;{}&#8220;][\/et_pb_image][et_pb_text _builder_version=&#8220;4.27.4&#8243; _module_preset=&#8220;default&#8220; text_text_color=&#8220;#1E80C3&#8243; custom_margin=&#8220;0px||20px||false|false&#8220; global_colors_info=&#8220;{}&#8220;]<\/p>\n<p><span class=\"h1\">Always up to date<\/span><\/p>\n<p>[\/et_pb_text][et_pb_text _builder_version=&#8220;4.27.4&#8243; _module_preset=&#8220;default&#8220; custom_margin=&#8220;0px||20px||false|false&#8220; global_colors_info=&#8220;{}&#8220;]<\/p>\n<p><span class=\"h3\">Melde dich f\u00fcr unseren Alpicon Festival <strong>Newsletter<\/strong> an und verpasse keine News rund um das House Music Festival im Herzen des Zillertals.<\/span><\/p>\n<p>[\/et_pb_text][et_pb_code _builder_version=&#8220;4.27.5&#8243; _module_preset=&#8220;default&#8220; global_colors_info=&#8220;{}&#8220;]<\/p>\n<style data=\"cr\/theme\">.bgcolor-1{background-color:#F1F5F7}.bgcolor-1-outlook{background-color:#F1F5F7}.color-1{color:#082137}.bgcolor-2{background-color:#FFF}.bgcolor-2-outlook{background-color:#FFF}.color-2{color:#082137}.aux-color-1{color:#00282E}.aux-bgcolor-1{background-color:#00282E}.aux-color-2{color:#15C}.aux-bgcolor-2{background-color:#15C}body{background-color:#F1F5F7}a{color:#15C}.cr-web-row{width:100%;max-width:600px}.cr-maxwidth{max-width:600px}<\/style>\n<p><!-- [et_pb_line_break_holder] --><\/p>\n<style hash=\"cr-text-web\">.cr-text{font-family:Helvetica,Arial,sans-serif;font-size:14px}<\/style>\n<p><!-- [et_pb_line_break_holder] --><\/p>\n<style hash=\"cr-web-css\">.cr-nope{display:none!important}.cr-web-row{box-sizing:border-box}@media only screen and (max-width:768px){.cr-web-row{width:75vw}}.cr-web-wrapper{display:flex;justify-content:center}.cr-web-row ul,.cr-web-row li{gap:4px;flex-direction:row}.cr-web-row ul{padding:0 8px;margin:0;list-style-type:none;flex-direction:column}.cr-web-row option{min-height:2em;white-space:normal}.cr-web-form{display:flex;flex-direction:column}.cr-web-form input,.cr-web-form select,.cr-web-form button{padding:8px 12px;border-radius:4px;border-style:solid;border-width:1px}.cr-web-form label,.cr-web-label{font-weight:500;padding:8px 0 8px 0;font-style:normal;line-height:normal}.cr-web-form button{font-size:1em;font-weight:700;color:#fff;font-style:normal;border-style:solid;border-color:#fff0;border-radius:4px;cursor:pointer}.cr-web-form label.required:after{content:' *';width:10px;height:100%;font-size:1.1em;line-height:inherit}.cr-web-form label.required .cred-html-wrapper,.cr-web-form label.required .cred-html{display:inline-block!important}<\/style>\n<p><!-- [et_pb_line_break_holder] --><\/p>\n<style data-source=\"autogenerated google-fixes\">u+#body a{color:#15C}u+#body{background-color:#F1F5F7}<\/style>\n<p><!-- [et_pb_line_break_holder] -->  <\/p>\n<form method=\"post\" action=\"https:\/\/flow.cleverreach.com\/fl\/0a096d74-cce1-443e-b06e-87951106a7b7\/confirm\" class=\"\" target=\"_blank\"><!-- [et_pb_line_break_holder] -->    <input type=\"text\" tabindex=\"-1\" autocomplete=\"false\" style=\"display:none !important;\" class=\"cr-nope\" name=\"email_confirm\"><!-- [et_pb_line_break_holder] -->    <\/p>\n<div class=\"cr-web-wrapper bgcolor-1\"><!-- [et_pb_line_break_holder] -->      <\/p>\n<div class=\"cr-web-row bgcolor-2\" style=\"padding:10px 20px;\"><!-- [et_pb_line_break_holder] -->        <\/p>\n<div class=\"cr-text color-2\" style=\"color:#082137;\"><!-- [et_pb_line_break_holder] -->          <\/p>\n<div class=\"cr-web-form\"><!-- [et_pb_line_break_holder] -->            <label class=\"required\">E-Mail<\/label><!-- [et_pb_line_break_holder] -->            <input type=\"email\" placeholder=\"\" name=\"email\" required=\"\"><!-- [et_pb_line_break_holder] -->          <\/div>\n<p><!-- [et_pb_line_break_holder] -->        <\/div>\n<p><!-- [et_pb_line_break_holder] -->      <\/div>\n<p><!-- [et_pb_line_break_holder] -->    <\/div>\n<p><!-- [et_pb_line_break_holder] -->    <\/p>\n<div class=\"cr-web-wrapper bgcolor-1\"><!-- [et_pb_line_break_holder] -->      <\/p>\n<div class=\"cr-web-row bgcolor-2\" style=\"padding:10px 20px;\"><!-- [et_pb_line_break_holder] -->        <\/p>\n<div class=\"cr-web-form\"><!-- [et_pb_line_break_holder] -->          <button type=\"submit\" class=\"aux-color-1 aux-bgcolor-1 cr-text newsletter-submit\" style=\"background-color: rgb(0, 40, 46);\">Anmelden<\/button><!-- [et_pb_line_break_holder] -->        <\/div>\n<p><!-- [et_pb_line_break_holder] -->      <\/div>\n<p><!-- [et_pb_line_break_holder] -->    <\/div>\n<p><!-- [et_pb_line_break_holder] -->  <\/form>\n<p><!-- [et_pb_line_break_holder] -->  [\/et_pb_code][\/et_pb_column][et_pb_column type=&#8220;1_2&#8243; _builder_version=&#8220;4.27.4&#8243; _module_preset=&#8220;default&#8220; global_colors_info=&#8220;{}&#8220;][et_pb_image src=&#8220;https:\/\/www.alpicon.at\/wp-content\/uploads\/2025\/11\/Festival-Newsletter-Anmeldung.png&#8220; alt=&#8220;Festival Newsletter Anmeldung&#8220; title_text=&#8220;Festival Newsletter Anmeldung&#8220; align=&#8220;center&#8220; force_fullwidth=&#8220;on&#8220; disabled_on=&#8220;on|on|off&#8220; _builder_version=&#8220;4.27.4&#8243; _module_preset=&#8220;default&#8220; positioning=&#8220;absolute&#8220; position_origin_a=&#8220;bottom_center&#8220; vertical_offset=&#8220;-60px&#8220; global_colors_info=&#8220;{}&#8220;][\/et_pb_image][\/et_pb_column][\/et_pb_row][\/et_pb_section]<\/p>\n","protected":false},"excerpt":{"rendered":"<p>FAQ &amp; Informationen \u00fcber das AlpiconGood toknowHochzillertal &#8211; KaltenbachAlles rund um das Alpicon House Music FestivalHier findest du alle wichtigen Infos auf einen Blick: Von Anreise und Lineup \u00fcber die spektakul\u00e4ren Locations bis hin zur Unterkunft. Egal, was du wissen m\u00f6chtest \u2013 wir haben die Antworten rund um das Alpicon House Music Festival.Noch Fragen? Kein [&hellip;]<\/p>\n","protected":false},"author":1,"featured_media":0,"parent":0,"menu_order":0,"comment_status":"closed","ping_status":"closed","template":"","meta":{"_et_pb_use_builder":"on","_et_pb_old_content":"","_et_gb_content_width":"","footnotes":""},"class_list":["post-4509","page","type-page","status-publish","hentry"],"jetpack_sharing_enabled":true,"_links":{"self":[{"href":"https:\/\/www.alpicon.at\/en\/wp-json\/wp\/v2\/pages\/4509","targetHints":{"allow":["GET"]}}],"collection":[{"href":"https:\/\/www.alpicon.at\/en\/wp-json\/wp\/v2\/pages"}],"about":[{"href":"https:\/\/www.alpicon.at\/en\/wp-json\/wp\/v2\/types\/page"}],"author":[{"embeddable":true,"href":"https:\/\/www.alpicon.at\/en\/wp-json\/wp\/v2\/users\/1"}],"replies":[{"embeddable":true,"href":"https:\/\/www.alpicon.at\/en\/wp-json\/wp\/v2\/comments?post=4509"}],"version-history":[{"count":41,"href":"https:\/\/www.alpicon.at\/en\/wp-json\/wp\/v2\/pages\/4509\/revisions"}],"predecessor-version":[{"id":5868,"href":"https:\/\/www.alpicon.at\/en\/wp-json\/wp\/v2\/pages\/4509\/revisions\/5868"}],"wp:attachment":[{"href":"https:\/\/www.alpicon.at\/en\/wp-json\/wp\/v2\/media?parent=4509"}],"curies":[{"name":"wp","href":"https:\/\/api.w.org\/{rel}","templated":true}]}}